{"id":2969,"date":"2021-02-27T08:54:10","date_gmt":"2021-02-27T08:54:10","guid":{"rendered":"https:\/\/fireball.ch\/sfwp\/?page_id=2969"},"modified":"2025-11-04T16:04:55","modified_gmt":"2025-11-04T16:04:55","slug":"aus-dem-vorstand","status":"publish","type":"page","link":"https:\/\/fireball.ch\/index.php\/swiss-fireball-2\/aus-dem-vorstand\/","title":{"rendered":"Aus dem Vorstand"},"content":{"rendered":"\t\t<div data-elementor-type=\"wp-page\" data-elementor-id=\"2969\" class=\"elementor elementor-2969\" data-elementor-post-type=\"page\">\n\t\t\t\t\t\t<section class=\"elementor-section elementor-top-section elementor-element elementor-element-3101399 elementor-section-full_width elementor-section-stretched elementor-section-height-default elementor-section-height-default\" data-id=\"3101399\" data-element_type=\"section\" data-settings=\"{&quot;stretch_section&quot;:&quot;section-stretched&quot;}\">\n\t\t\t\t\t\t<div class=\"elementor-container elementor-column-gap-default\">\n\t\t\t\t\t<div class=\"elementor-column elementor-col-100 elementor-top-column elementor-element elementor-element-e0765ad\" data-id=\"e0765ad\" data-element_type=\"column\">\n\t\t\t<div class=\"elementor-widget-wrap elementor-element-populated\">\n\t\t\t\t\t\t<div class=\"elementor-element elementor-element-ff050c5 elementor-widget elementor-widget-image\" data-id=\"ff050c5\" data-element_type=\"widget\" data-widget_type=\"image.default\">\n\t\t\t\t<div class=\"elementor-widget-container\">\n\t\t\t\t\t\t\t\t\t\t\t\t\t\t\t<img fetchpriority=\"high\" decoding=\"async\" width=\"2048\" height=\"298\" src=\"https:\/\/fireball.ch\/wp-content\/uploads\/2025\/11\/Aus-dem-Vorstand-2850x415-30P-2048x298.jpg\" class=\"attachment-2048x2048 size-2048x2048 wp-image-20235\" alt=\"\" srcset=\"https:\/\/fireball.ch\/wp-content\/uploads\/2025\/11\/Aus-dem-Vorstand-2850x415-30P-2048x298.jpg 2048w, https:\/\/fireball.ch\/wp-content\/uploads\/2025\/11\/Aus-dem-Vorstand-2850x415-30P-300x44.jpg 300w, https:\/\/fireball.ch\/wp-content\/uploads\/2025\/11\/Aus-dem-Vorstand-2850x415-30P-1024x149.jpg 1024w, https:\/\/fireball.ch\/wp-content\/uploads\/2025\/11\/Aus-dem-Vorstand-2850x415-30P-768x112.jpg 768w, https:\/\/fireball.ch\/wp-content\/uploads\/2025\/11\/Aus-dem-Vorstand-2850x415-30P-1536x224.jpg 1536w\" sizes=\"(max-width: 2048px) 100vw, 2048px\" \/>\t\t\t\t\t\t\t\t\t\t\t\t\t\t\t<\/div>\n\t\t\t\t<\/div>\n\t\t\t\t\t<\/div>\n\t\t<\/div>\n\t\t\t\t\t<\/div>\n\t\t<\/section>\n\t\t\t\t<section class=\"elementor-section elementor-top-section elementor-element elementor-element-92b1c54 elementor-section-boxed elementor-section-height-default elementor-section-height-default\" data-id=\"92b1c54\" data-element_type=\"section\">\n\t\t\t\t\t\t<div class=\"elementor-container elementor-column-gap-default\">\n\t\t\t\t\t<div class=\"elementor-column elementor-col-100 elementor-top-column elementor-element elementor-element-960f5e9\" data-id=\"960f5e9\" data-element_type=\"column\">\n\t\t\t<div class=\"elementor-widget-wrap elementor-element-populated\">\n\t\t\t\t\t\t<div class=\"elementor-element elementor-element-6998aed elementor-widget elementor-widget-spacer\" data-id=\"6998aed\" data-element_type=\"widget\" data-widget_type=\"spacer.default\">\n\t\t\t\t<div class=\"elementor-widget-container\">\n\t\t\t\t\t\t\t<div class=\"elementor-spacer\">\n\t\t\t<div class=\"elementor-spacer-inner\"><\/div>\n\t\t<\/div>\n\t\t\t\t\t\t<\/div>\n\t\t\t\t<\/div>\n\t\t\t\t\t<\/div>\n\t\t<\/div>\n\t\t\t\t\t<\/div>\n\t\t<\/section>\n\t\t\t\t<section class=\"elementor-section elementor-top-section elementor-element elementor-element-c252661 elementor-section-boxed elementor-section-height-default elementor-section-height-default\" data-id=\"c252661\" data-element_type=\"section\">\n\t\t\t\t\t\t<div class=\"elementor-container elementor-column-gap-default\">\n\t\t\t\t\t<div class=\"elementor-column elementor-col-100 elementor-top-column elementor-element elementor-element-5a145ca\" data-id=\"5a145ca\" data-element_type=\"column\">\n\t\t\t<div class=\"elementor-widget-wrap elementor-element-populated\">\n\t\t\t\t\t\t<div class=\"elementor-element elementor-element-2b83796 elementor-widget elementor-widget-text-editor\" data-id=\"2b83796\" data-element_type=\"widget\" data-widget_type=\"text-editor.default\">\n\t\t\t\t<div class=\"elementor-widget-container\">\n\t\t\t\t\t\t\t\t\t<h4><span style=\"color: #ffffff;\">\u00a0News<\/span><\/h4>\t\t\t\t\t\t\t\t<\/div>\n\t\t\t\t<\/div>\n\t\t\t\t\t<\/div>\n\t\t<\/div>\n\t\t\t\t\t<\/div>\n\t\t<\/section>\n\t\t\t\t<section class=\"elementor-section elementor-top-section elementor-element elementor-element-329e283 elementor-section-boxed elementor-section-height-default elementor-section-height-default\" data-id=\"329e283\" data-element_type=\"section\">\n\t\t\t\t\t\t<div class=\"elementor-container elementor-column-gap-default\">\n\t\t\t\t\t<div class=\"elementor-column elementor-col-100 elementor-top-column elementor-element elementor-element-315a334\" data-id=\"315a334\" data-element_type=\"column\">\n\t\t\t<div class=\"elementor-widget-wrap elementor-element-populated\">\n\t\t\t\t\t\t<div class=\"elementor-element elementor-element-aa96569 elementor-widget elementor-widget-text-editor\" data-id=\"aa96569\" data-element_type=\"widget\" data-widget_type=\"text-editor.default\">\n\t\t\t\t<div class=\"elementor-widget-container\">\n\t\t\t\t\t\t\t\t\t<ul><li><strong><img decoding=\"async\" src=\"https:\/\/fireball.ch\/wp-content\/uploads\/2021\/03\/AG_NEW4-e1655674110238.gif\" \/>Vorstandssitzung <b>Juli 2025<\/b>:<br \/><\/strong><ul><li>Auswertung SM Neuenburg: Tolle Segelzeit, aber das Sicherheitskonzept hat nicht funktioniert. Obwohl wir etwas mehr Rahmenprogramm gesch\u00e4tzt h\u00e4tten, bot die Bar die M\u00f6glichkeit, sich am Abend zusammenzusetzen. Nochmals danke an das motivierte Barpersonal!<\/li><\/ul><ul><li>Planung Segelsaison 2026: Die Planung wird schon bald starten, Ideen f\u00fcr die SM 2026 sind diskutiert worden. Es soll so bald wie m\u00f6glich der Austragungsort fixiert werden. Um ein Stimmungsbild der Austragungsorte und zur Vorstandsarbeit zu erhalten, wurde eine Forms-Umfrage per Newsletter verschickt. Wir nehmen gerne noch R\u00fcckmeldungen an.<\/li><li>GV 2026: Ort und Datum sollte bald bekannt gemacht werden k\u00f6nnen, die Abkl\u00e4rungen laufen.<\/li><\/ul><\/li><\/ul>\t\t\t\t\t\t\t\t<\/div>\n\t\t\t\t<\/div>\n\t\t\t\t\t<\/div>\n\t\t<\/div>\n\t\t\t\t\t<\/div>\n\t\t<\/section>\n\t\t\t\t<section class=\"elementor-section elementor-top-section elementor-element elementor-element-3c9b920 elementor-section-boxed elementor-section-height-default elementor-section-height-default\" data-id=\"3c9b920\" data-element_type=\"section\">\n\t\t\t\t\t\t<div class=\"elementor-container elementor-column-gap-default\">\n\t\t\t\t\t<div class=\"elementor-column elementor-col-100 elementor-top-column elementor-element elementor-element-da7909f\" data-id=\"da7909f\" data-element_type=\"column\">\n\t\t\t<div class=\"elementor-widget-wrap elementor-element-populated\">\n\t\t\t\t\t\t<div class=\"elementor-element elementor-element-4613054 elementor-widget elementor-widget-text-editor\" data-id=\"4613054\" data-element_type=\"widget\" data-widget_type=\"text-editor.default\">\n\t\t\t\t<div class=\"elementor-widget-container\">\n\t\t\t\t\t\t\t\t\t<ul><li><strong><strong><b>SF GV 2025 vom 8. M\u00e4rz in Beinwil am See<\/b>:<\/strong><\/strong><p>Vorstand entlastet und unver\u00e4ndert, F\u00f6rdergelder- und Mietbootreglement nach Diskussion angenommen. Regattaplan ist nun fix. Mitgliederbeitragserh\u00f6hung kommt durch, daf\u00fcr bleibt die 100%ige R\u00fcckerstattung der Meldegelder f\u00fcr Junioren. Christina H\u00e4rdi wurde zum Ehrenmitglied gemacht. Protokoll folgt.<\/p><\/li><\/ul>\t\t\t\t\t\t\t\t<\/div>\n\t\t\t\t<\/div>\n\t\t\t\t\t<\/div>\n\t\t<\/div>\n\t\t\t\t\t<\/div>\n\t\t<\/section>\n\t\t\t\t<section class=\"elementor-section elementor-top-section elementor-element elementor-element-7872c2e elementor-section-boxed elementor-section-height-default elementor-section-height-default\" data-id=\"7872c2e\" data-element_type=\"section\">\n\t\t\t\t\t\t<div class=\"elementor-container elementor-column-gap-default\">\n\t\t\t\t\t<div class=\"elementor-column elementor-col-100 elementor-top-column elementor-element elementor-element-0170ee0\" data-id=\"0170ee0\" data-element_type=\"column\">\n\t\t\t<div class=\"elementor-widget-wrap elementor-element-populated\">\n\t\t\t\t\t\t<div class=\"elementor-element elementor-element-7d3eda0 elementor-widget elementor-widget-text-editor\" data-id=\"7d3eda0\" data-element_type=\"widget\" data-widget_type=\"text-editor.default\">\n\t\t\t\t<div class=\"elementor-widget-container\">\n\t\t\t\t\t\t\t\t\t<ul><li><strong>Vorstandssitzung <b>Januar 2025<\/b>:<br \/><\/strong><ul><li><span class=\"s2\">Verkauf von Mietboot &#8218;Miet Me&#8216;: Wir haben 3 Bewerbungen erhalten und der Fam. F\u00e4hnle im Hinblick auf geplante Regattateilnahmen und Juniorenf\u00f6rderung den Zuschlag gegeben. Willkommen in der Flotte!<\/span><\/li><\/ul><ul><li><span class=\"s2\">Um Unklarheiten aus dem Weg zu schaffen wird je ein Reglement zu finanzieller F\u00f6rderung (besonders im Hinblick auf Junioren\/Juniorinnen) und zur Mietbootvergabe erarbeitet. Beide werden mit der GV Einladung versandt und an der GV Anfang M\u00e4rz diskutiert.<\/span><\/li><\/ul><ul><li><span class=\"s2\">Der Umgang mit Quagga Muscheln ist auch diese Saison ein Thema. Aktuell halten wir am bestehenden Regattaplan fest, m\u00fcssen aber mit \u00c4nderungen rechnen, da neue evtl. einschr\u00e4nkendere Bestimmungen zu erwarten sind.<\/span><\/li><\/ul><ul><li>Budget, aktive Boote, SM<\/li><\/ul><\/li><\/ul>\t\t\t\t\t\t\t\t<\/div>\n\t\t\t\t<\/div>\n\t\t\t\t\t<\/div>\n\t\t<\/div>\n\t\t\t\t\t<\/div>\n\t\t<\/section>\n\t\t\t\t<section class=\"elementor-section elementor-top-section elementor-element elementor-element-e4a4bc3 elementor-section-boxed elementor-section-height-default elementor-section-height-default\" data-id=\"e4a4bc3\" data-element_type=\"section\">\n\t\t\t\t\t\t<div class=\"elementor-container elementor-column-gap-default\">\n\t\t\t\t\t<div class=\"elementor-column elementor-col-100 elementor-top-column elementor-element elementor-element-62a3ac2\" data-id=\"62a3ac2\" data-element_type=\"column\">\n\t\t\t<div class=\"elementor-widget-wrap elementor-element-populated\">\n\t\t\t\t\t\t<div class=\"elementor-element elementor-element-dcabd4b elementor-widget elementor-widget-text-editor\" data-id=\"dcabd4b\" data-element_type=\"widget\" data-widget_type=\"text-editor.default\">\n\t\t\t\t<div class=\"elementor-widget-container\">\n\t\t\t\t\t\t\t\t\t<ul><li><strong>Vorstandssitzung <b>Dezember 2024<\/b>:\n<\/strong><\/strong>\n<ul>\n \t<li>Neues SM-Reglement von Swiss Sailing tritt testsm\u00e4ssig f\u00fcr 3 Jahr in Kraft, f\u00fcr uns heisst das in Kurzform: Die 90 Starts in der Saison sind nicht mehr gefordert um eine SM durchf\u00fchren zu d\u00fcrfen. Es m\u00fcssen einfach mind. 18 SUI Boote rechtzeitig angemeldet und an der SM <strong>immer<\/strong> am Start sein.<\/li>\n<\/ul>\n<ul>\n \t<li>GV Vorbereitung (8.3. im SCH Clubhaus in Beinwil)<\/li>\n<\/ul>\n<ul>\n \t<li>&#8218;Miet Me&#8216; Verkauf: Der Vorstand k\u00fcndigt per Rundmail an, dass er &#8218;Miet me&#8216;, das \u00e4ltere der beiden SF Mietboote, ver\u00e4ussern m\u00f6chte, sofern die Mitglieder einverstanden sind. Die Befragung dauert bis kurz vor Weihnachten. Wer das Winder Boot mit Jahrgang 97 kaufen m\u00f6chte, meldet sich bitte umgehend beim Vorstand. SF Mitglieder werden Vorrang haben.<\/li>\n<\/ul>\n<ul>\n <li>Kommunikationskan\u00e4le: Alles Offizielle von SF kommt entweder via Newsletter, Gazette oder Website, respektive oft auf auch allen 3 Kan\u00e4len.\n<\/li>\n<\/ul>\n<\/li>\n<\/ul>\t\t\t\t\t\t\t\t<\/div>\n\t\t\t\t<\/div>\n\t\t\t\t\t<\/div>\n\t\t<\/div>\n\t\t\t\t\t<\/div>\n\t\t<\/section>\n\t\t\t\t<section class=\"elementor-section elementor-top-section elementor-element elementor-element-f8ac07c elementor-section-boxed elementor-section-height-default elementor-section-height-default\" data-id=\"f8ac07c\" data-element_type=\"section\">\n\t\t\t\t\t\t<div class=\"elementor-container elementor-column-gap-default\">\n\t\t\t\t\t<div class=\"elementor-column elementor-col-100 elementor-top-column elementor-element elementor-element-e85f426\" data-id=\"e85f426\" data-element_type=\"column\">\n\t\t\t<div class=\"elementor-widget-wrap elementor-element-populated\">\n\t\t\t\t\t\t<div class=\"elementor-element elementor-element-b654614 elementor-widget elementor-widget-text-editor\" data-id=\"b654614\" data-element_type=\"widget\" data-widget_type=\"text-editor.default\">\n\t\t\t\t<div class=\"elementor-widget-container\">\n\t\t\t\t\t\t\t\t\t<ul><li><strong>Vorstandssitzung <b>August 2024<\/b>: <\/strong>Dank einer guten Planung und kurzen Austauschen zwischen den Vorstandssitzungen, war die Traktandenliste relativ kurz.<div><ul><li>Nach einigen Monaten im Betrieb z.B. f\u00fcr Mitgliederverwaltung, aktiver Datenablage und dem ersten Rechnungsversand \u00fcber Clubdesk zeigt sich weiter, dass diese Umstellung viele Arbeiten f\u00fcr den Vorstand vereinfacht.<\/li><li>Das Mietboot White Magic muss bald vorgef\u00fchrt werden, das Organisatorische ist erledigt. Leider war das Boot in der zweiten Saisonh\u00e4lfte noch nicht ganz so oft auf dem Wasser, wie gehofft. Es sind aber noch einige Regattateilnahmen geplant. Wir freuen uns.<\/li><li>Die Planung f\u00fcr die SM 2025 wird intensiviert. Bis Ende Oktober m\u00fcssen wir die Planung bei Swiss Sailing einreichen. Wir sind mit verschiedenen Clubs im Gespr\u00e4ch um einen m\u00f6glichst attraktiven Regattaplan zu bieten.<\/li><li>An der EM in Maccagno d\u00fcrfen wir auf ein Update von Dave Hall zur Bootsentwicklung gespannt sein.<\/li><\/ul><\/div><\/li><\/ul>\t\t\t\t\t\t\t\t<\/div>\n\t\t\t\t<\/div>\n\t\t\t\t\t<\/div>\n\t\t<\/div>\n\t\t\t\t\t<\/div>\n\t\t<\/section>\n\t\t\t\t<section class=\"elementor-section elementor-top-section elementor-element elementor-element-6f054ea elementor-section-boxed elementor-section-height-default elementor-section-height-default\" data-id=\"6f054ea\" data-element_type=\"section\">\n\t\t\t\t\t\t<div class=\"elementor-container elementor-column-gap-default\">\n\t\t\t\t\t<div class=\"elementor-column elementor-col-100 elementor-top-column elementor-element elementor-element-cc7f5df\" data-id=\"cc7f5df\" data-element_type=\"column\">\n\t\t\t<div class=\"elementor-widget-wrap elementor-element-populated\">\n\t\t\t\t\t\t<div class=\"elementor-element elementor-element-bc522a3 elementor-widget elementor-widget-text-editor\" data-id=\"bc522a3\" data-element_type=\"widget\" data-widget_type=\"text-editor.default\">\n\t\t\t\t<div class=\"elementor-widget-container\">\n\t\t\t\t\t\t\t\t\t<ul>\n \t<li><strong>Vorstandssitzung Mai 2024: <\/strong>Die neue Saison ist ohne gr\u00f6ssere Herausforderungen und \u00dcberraschungen angelaufen. Der Vorstand hat nun Zeit, sich mit Aufgaben im Hintergrund zu besch\u00e4ftigen:\n<div>\n<ul>\n \t<li>Die Migration der Mitgliederdatenbank ist erfolgreich abgeschlossen. Die gr\u00f6ssten Vorteile f\u00fcr Swiss Fireball zeigen sich in der \u00fcbersichtlicheren F\u00fchrung von Mitgliederdaten und Budget sowie der Vereinfachung des Gazette- und Newsletterversands.<\/li>\n \t<li>Sofern im Z\u00fcrcher Seebecken ein Trockenplatz verf\u00fcgbar ist, wird das zweite Mietboot (Miet Me) diese Saison wohl auch vermietet.<\/li>\n \t<li>Erste Ideen f\u00fcr die Saison 2025 werden aufgenommen und rechtzeitig Kontakt zu den Clubs gesucht, sodass wir wiederum ein attraktives Programm bieten k\u00f6nnen.<\/li>\n \t<li>Swiss Fireball wird sich aktiv in die Ausarbeitung des neuen SM Reglements durch Swiss Sailing einbringen.<\/li>\n \t<li>Quaggamuscheln sind in den Zentralschweizer Seen noch nicht vorhanden. Swiss Fireball kl\u00e4rt proaktiv bei den Clubs ab, welche Massnahmen f\u00fcr die Teilnahme an Regatten n\u00f6tig sind.<\/li>\n<\/ul>\n<\/div><\/li>\n<\/ul>\t\t\t\t\t\t\t\t<\/div>\n\t\t\t\t<\/div>\n\t\t\t\t\t<\/div>\n\t\t<\/div>\n\t\t\t\t\t<\/div>\n\t\t<\/section>\n\t\t\t\t<section class=\"elementor-section elementor-top-section elementor-element elementor-element-c055684 elementor-section-boxed elementor-section-height-default elementor-section-height-default\" data-id=\"c055684\" data-element_type=\"section\">\n\t\t\t\t\t\t<div class=\"elementor-container elementor-column-gap-default\">\n\t\t\t\t\t<div class=\"elementor-column elementor-col-100 elementor-top-column elementor-element elementor-element-d440b9d\" data-id=\"d440b9d\" data-element_type=\"column\">\n\t\t\t<div class=\"elementor-widget-wrap elementor-element-populated\">\n\t\t\t\t\t\t<div class=\"elementor-element elementor-element-e9c52ff elementor-widget elementor-widget-text-editor\" data-id=\"e9c52ff\" data-element_type=\"widget\" data-widget_type=\"text-editor.default\">\n\t\t\t\t<div class=\"elementor-widget-container\">\n\t\t\t\t\t\t\t\t\t<ul><li><p><strong>SF GV 2024 vom 9. M\u00e4rz:\u00a0<\/strong>Die SF Statuten wurden genderneutral formuliert und der GV so vorgelegt. Sie wurden einstimmig genehmigt. <a href=\"https:\/\/fireball.ch\/wp-content\/uploads\/2024\/04\/SF_Statuten_2024.pdf\" target=\"_blank\" rel=\"noopener\">Statuten 2024<\/a><\/p><\/li><\/ul>\t\t\t\t\t\t\t\t<\/div>\n\t\t\t\t<\/div>\n\t\t\t\t\t<\/div>\n\t\t<\/div>\n\t\t\t\t\t<\/div>\n\t\t<\/section>\n\t\t\t\t<section class=\"elementor-section elementor-top-section elementor-element elementor-element-b3239f0 elementor-section-boxed elementor-section-height-default elementor-section-height-default\" data-id=\"b3239f0\" data-element_type=\"section\">\n\t\t\t\t\t\t<div class=\"elementor-container elementor-column-gap-default\">\n\t\t\t\t\t<div class=\"elementor-column elementor-col-100 elementor-top-column elementor-element elementor-element-cbeb539\" data-id=\"cbeb539\" data-element_type=\"column\">\n\t\t\t<div class=\"elementor-widget-wrap elementor-element-populated\">\n\t\t\t\t\t\t<div class=\"elementor-element elementor-element-5dca784 elementor-widget elementor-widget-text-editor\" data-id=\"5dca784\" data-element_type=\"widget\" data-widget_type=\"text-editor.default\">\n\t\t\t\t<div class=\"elementor-widget-container\">\n\t\t\t\t\t\t\t\t\t<ul>\n \t<li><strong>Vorstandssitzung Januar 2024: <\/strong>Wichtigstes Thema der Vorstandssitzung ist die kommende GV, welche dieses Jahr in Z\u00fcrich stattfindet wird. Hier geht es haupts\u00e4chlich um Einladung, Traktanden, Essen und die Aufteilung der Vorbereitungsarbeiten.\nMit dem Saisonende stehen auch die beiden Mietboot wieder im Vordergrund, respektive die Vergabe f\u00fcr die kommende Saison: White Magic geht in Richtung Walensee an ein 420er Team, welche voraussichtlich an 6 Regatten das Feld aufmischen wird, wir freuen uns! F\u00fcr Miet Me gibt es aktuell noch keine Anfrage(n) f\u00fcr die Saison. Jedoch wird das Boot f\u00fcr Port Camargue an zwei Br\u00fcder vermietet, die sehr gerne ins Regattageschehen auf dem Fireball eingreifen w\u00fcrden\nAus allen Ressorts gibt es kleinere Herausforderungen zu l\u00f6sen, von nicht bezahlten Mitgliederbeitr\u00e4gen, \u00fcber Gazette Inserate bis zur Regattaplanung 2025. Grunds\u00e4tzlich ist der Vorstand jedoch sehr zufrieden, wie sich die Zusammenarbeit gestaltet und schaut mit Vorfreude auf die neue Saison.\nAuf organisatorischer Ebene ist zudem die Migration auf Clubdesk praktisch abgeschlossen, in den kommenden Wochen werden auch alle Dateien auf die Plattform migriert. Dies Vereinfacht die Aktualisierung der Mitgliederdaten sowie die Zusammenarbeit im Vorstand. Als Mitglied von Swiss Sailing ist die Nutzung von Clubdesk gratis.\n<\/li>\n<\/ul>\t\t\t\t\t\t\t\t<\/div>\n\t\t\t\t<\/div>\n\t\t\t\t\t<\/div>\n\t\t<\/div>\n\t\t\t\t\t<\/div>\n\t\t<\/section>\n\t\t\t\t<section class=\"elementor-section elementor-top-section elementor-element elementor-element-6ac5836 elementor-section-boxed elementor-section-height-default elementor-section-height-default\" data-id=\"6ac5836\" data-element_type=\"section\">\n\t\t\t\t\t\t<div class=\"elementor-container elementor-column-gap-default\">\n\t\t\t\t\t<div class=\"elementor-column elementor-col-100 elementor-top-column elementor-element elementor-element-8768f82\" data-id=\"8768f82\" data-element_type=\"column\">\n\t\t\t<div class=\"elementor-widget-wrap elementor-element-populated\">\n\t\t\t\t\t\t<div class=\"elementor-element elementor-element-3fbafda elementor-widget elementor-widget-text-editor\" data-id=\"3fbafda\" data-element_type=\"widget\" data-widget_type=\"text-editor.default\">\n\t\t\t\t<div class=\"elementor-widget-container\">\n\t\t\t\t\t\t\t\t\t<ul>\n \t<li><strong>Vorstandssitzung August 2023: <\/strong>Der Bericht der Vorstandssitzung im August an dieser Stelle ist untergegangen. In Zukunft ist diese Aufgabe ein fixes Traktandum, denn es gibt keinen Grund, euch nicht auf dem Laufenden zu halten!<\/li>\n<\/ul>\t\t\t\t\t\t\t\t<\/div>\n\t\t\t\t<\/div>\n\t\t\t\t\t<\/div>\n\t\t<\/div>\n\t\t\t\t\t<\/div>\n\t\t<\/section>\n\t\t\t\t<section class=\"elementor-section elementor-top-section elementor-element elementor-element-265d795 elementor-section-boxed elementor-section-height-default elementor-section-height-default\" data-id=\"265d795\" data-element_type=\"section\">\n\t\t\t\t\t\t<div class=\"elementor-container elementor-column-gap-default\">\n\t\t\t\t\t<div class=\"elementor-column elementor-col-100 elementor-top-column elementor-element elementor-element-3f85e91\" data-id=\"3f85e91\" data-element_type=\"column\">\n\t\t\t<div class=\"elementor-widget-wrap elementor-element-populated\">\n\t\t\t\t\t\t<div class=\"elementor-element elementor-element-0aba442 elementor-widget elementor-widget-text-editor\" data-id=\"0aba442\" data-element_type=\"widget\" data-widget_type=\"text-editor.default\">\n\t\t\t\t<div class=\"elementor-widget-container\">\n\t\t\t\t\t\t\t\t\t<ul><li><p><strong>Vorstandssitzung Mai 2023: <\/strong>Der Vorstand traf sich ein erstes Mal in neuer Vollbesetzung, nachdem in Port Camargue in Unterbesetzung eine spontane Sitzung einberufen wurde. Das grosse Thema in Port Camargue war die Materialbeschaffung f\u00fcr unsere Mietboote (gute Neuigkeiten: PinBax wird uns wohl bei den Segeln mit einem Sponsoring unterst\u00fctzen), damit die Bestellung p\u00fcnktlich gemacht werden konnte. Die Vorstandssitzung in Vollbesetzung haben wir dann haupts\u00e4chlich genutzt, um uns \u00fcber Ambitionen und Herausforderungen unserer Ressorts auszutauschen. Der Fokus wird stark auf der Kommunikationsarbeit liegen mit dem Ziel, auch vermehrt ausserhalb der Fireball Community als aktive, lebendige Segelklasse wahrgenommen zu werden. Gelingen soll dies unter anderem durch eine engere Zusammenarbeit mit SUI Sailing Kommunikation und h\u00e4ufigeren Beitr\u00e4gen via Social Media. Dazu kommen einige kleinere Themen (einheitliche Mailadressen f\u00fcr alle Ressorts, Datenschutz der Mitgliederdaten, Vorschlag einer genderneutralen Formulierung der Statuten, etc.). Es tut sich also so einiges, ihr d\u00fcrft gespannt bleiben.<\/p><\/li><\/ul>\t\t\t\t\t\t\t\t<\/div>\n\t\t\t\t<\/div>\n\t\t\t\t\t<\/div>\n\t\t<\/div>\n\t\t\t\t\t<\/div>\n\t\t<\/section>\n\t\t\t\t<section class=\"elementor-section elementor-top-section elementor-element elementor-element-7a6af8b elementor-section-boxed elementor-section-height-default elementor-section-height-default\" data-id=\"7a6af8b\" data-element_type=\"section\">\n\t\t\t\t\t\t<div class=\"elementor-container elementor-column-gap-default\">\n\t\t\t\t\t<div class=\"elementor-column elementor-col-100 elementor-top-column elementor-element elementor-element-64cb606\" data-id=\"64cb606\" data-element_type=\"column\">\n\t\t\t<div class=\"elementor-widget-wrap elementor-element-populated\">\n\t\t\t\t\t\t<div class=\"elementor-element elementor-element-9508291 elementor-widget elementor-widget-text-editor\" data-id=\"9508291\" data-element_type=\"widget\" data-widget_type=\"text-editor.default\">\n\t\t\t\t<div class=\"elementor-widget-container\">\n\t\t\t\t\t\t\t\t\t<ul><li><strong>SF GV 2023 am 11. M\u00e4rz<\/strong> im Clubhaus des SC Hallwil (SCH): Ernst Schneibel gibt nach 10 Jahren das <strong>Pr\u00e4sidentenamt<\/strong> ab, <strong>Cedric und Ralph Landerer \u00fcbernehmen<\/strong> gemeinsam. Auch das <strong>Gazette-Team<\/strong> wird ausgewechselt: F\u00fcr die langj\u00e4hrigen Redaktoren Christina und Urs H\u00e4rdi werden <strong>Laura Markwalder und Tobias Frey gew\u00e4hlt<\/strong>. Das Budget wird mit einem prognostizierten Verlust verabschiedet. Unsere <strong>Statuten<\/strong> werden durch die Anerkennung der <a href=\"https:\/\/www.baspo.admin.ch\/de\/sportfoerderung\/fairer-und-sicherer-sport\/ethik-charta.html\" target=\"_blank\" rel=\"noopener\"><strong>Ethik-Charta<\/strong><\/a> des Schweizer Sports und das <a href=\"https:\/\/www.sportintegrity.ch\/anti-doping\/recht\/doping-statut\" target=\"_blank\" rel=\"noopener\"><strong>Doping-Statut<\/strong><\/a> von Swiss Olympic erg\u00e4nzt.<br \/><br \/><\/li><li>Februar 2023: Neue <strong><a href=\"https:\/\/www.fireball-international.com\/media\/96078\/Fireball%20Class%20Rules%202023.pdf\" target=\"_blank\" rel=\"noopener\">Class Rules f\u00fcr 2023<\/a><\/strong> sind publiziert. (Rule 42.3i)<br \/><br \/><\/li><li>Beide <b>Mietboote f\u00fcr 2022 vergeben<\/b>: &#8218;Miet me&#8216; am Hallwilersee, &#8218;White magic&#8216; Region Fricktal.<br \/><br \/><\/li><li>Juli 2022: Neue <a href=\"https:\/\/fireball.ch\/wp-content\/uploads\/2022\/07\/Fireball-class-rules-7_2022.pdf\" target=\"_blank\" rel=\"noopener\"><strong>Class Rules f\u00fcr 2022 <\/strong><\/a>sind publiziert. (Rule 50.1c)<br \/><br \/><\/li><li><strong>SF GV 2022 am 12. M\u00e4rz<\/strong> im Clubhaus des Z\u00fcrcher Segelclubs (ZSC):\u00a0aktueller Regattaplan genehmigt, Finanzen in Ordnung, als<strong> neue Kassierin Caroline Neuhaus<\/strong> gew\u00e4hlt, restlicher Vorstand best\u00e4tigt.<\/li><\/ul><ul><li><b>Neue\u00a0<a href=\"http:\/\/www.fireball-international.com\/media\/87171\/IFCR2021.pdf\" target=\"_blank\" rel=\"noopener\">Class Rules f\u00fcr 2021<\/a><\/b> sind publiziert. Einzige \u00c4nderung: Ab sofort ist ein Spibaum aus Carbon erlaubt.\u00a0<i>(15.3.2021)<\/i><\/li><\/ul><ul><li><b>Absage SF GV 2021:<\/b>\u00a0Leider kann die diesj\u00e4hrige GV nicht wie geplant am 13.3. in Z\u00fcrich stattfinden. Abstimmungsunterlagen werden am 13. M\u00e4rz per Mail versendet. Stimmabgabe innerhalb von 2 Wochen online oder brieflich. Siehe Mail von Ernst am 3. M\u00e4rz.<\/li><\/ul><ul><li>Beide\u00a0<b>Mietboote f\u00fcr 2021 vergeben<\/b>: &#8218;Miet me&#8216; am Hallwilersee, &#8218;White magic&#8216; Region Bern.<\/li><\/ul><ul><li>Auch das\u00a0<b>Port Camargue Training 2021<\/b>\u00a0kann wegen Corona nicht stattfinden. Die UCPA bleibt geschlossen. Restliches Geld wird zur\u00fcck gefordert und ausbezahlt.<\/li><\/ul><ul><li><b>Saison 2020:<\/b>\u00a0Wegen Corona Lockdown und vielen Regattaausf\u00e4llen wird von Swiss Sailing in der laufenden keine SM Qualifikation gefordert. SM 2021 kann stattfinden. Ist auf dem Reschensee vorgesehen.<\/li><\/ul><ul><li><strong>Trainings Port Camargue und Mammern<\/strong> k\u00f6nnen wegen <strong>Verbot<\/strong> nicht stattfinden. Das einbezahlte \u00dcbernachtungsgeld bleibt bei der UCPA f\u00fcr 2021. Das Geld f\u00fcr die Trainer und Schlauchboote wird zur\u00fcck gezahlt.<\/li><\/ul><ul><li><b>SF GV 2020 vom 7.3.:<\/b>\u00a0Grad noch vor dem Lockdown. Vorstand unver\u00e4ndert. Ernst sucht Pr\u00e4si-Ersatz auf n\u00e4chste GV. SM Qualifikation 2019 nicht erreicht. Wenn wir weiter SMs wollen, muss die Quali 2020 klappen = 90 Starts! Bis jetzt nur ein Mietboot f\u00fcr die Saison vergeben. Ausleihe f\u00fcr ein Wochenende gratis, transportiert muss aber selber. F\u00fcr Training Port Camargue sind 12 Teams angemeldet. Schnuppersegeln und Training in Mammern \u00fcber 1. Mai. Regattaplan genehmigt. Reduktion von Regattaanzahl ist abgelehnt. Auch in Zukunft sind 12 Regatten anzustreben (kam dann anders wegen Lockdown mit Verbot von Regatten). Von FI: f\u00fcr WM-Teilnahme kann Unterst\u00fctzung angefordert werden (= Grant Award max. \u00a32000.) Carbon Spib\u00e4ume sind nun erlaubt.<\/li><\/ul><ul><li><b>SF GV 2019 vom 23.2.:<\/b>\u00a0Vorstand unver\u00e4ndert. Finanzen ok. Budget genehmigt, auch der Regattaplan. Wegen WM in Montreal findet im August eine kurze Swiss Cup Pause statt. Julien hat zwei Werbe-Videos produziert und stellt sie ins Internet. Die Mietboote nahmen zusammem an 10 Regatten teil. Super! Training Port Camargue in der neuen UCPA, Mammen \u00fcber 1. Mai. Suisse Nautic unter der Woche nur wenig besucht. Zuk\u00fcnftige Teilnahme fraglich. Mehr ins Schuppersegeln investieren.<\/li><\/ul>\t\t\t\t\t\t\t\t<\/div>\n\t\t\t\t<\/div>\n\t\t\t\t\t<\/div>\n\t\t<\/div>\n\t\t\t\t\t<\/div>\n\t\t<\/section>\n\t\t\t\t<section class=\"elementor-section elementor-top-section elementor-element elementor-element-00d7bf1 elementor-section-boxed elementor-section-height-default elementor-section-height-default\" data-id=\"00d7bf1\" data-element_type=\"section\">\n\t\t\t\t\t\t<div class=\"elementor-container elementor-column-gap-default\">\n\t\t\t\t\t<div class=\"elementor-column elementor-col-100 elementor-top-column elementor-element elementor-element-9dd8e5d\" data-id=\"9dd8e5d\" data-element_type=\"column\">\n\t\t\t<div class=\"elementor-widget-wrap elementor-element-populated\">\n\t\t\t\t\t\t<div class=\"elementor-element elementor-element-6bdb897 elementor-align-center elementor-widget elementor-widget-button\" data-id=\"6bdb897\" data-element_type=\"widget\" data-widget_type=\"button.default\">\n\t\t\t\t<div class=\"elementor-widget-container\">\n\t\t\t\t\t\t\t\t\t<div class=\"elementor-button-wrapper\">\n\t\t\t\t\t<a class=\"elementor-button elementor-button-link elementor-size-sm\" href=\"https:\/\/fireball.ch\/index.php\/vorstand-archiv\/\">\n\t\t\t\t\t\t<span class=\"elementor-button-content-wrapper\">\n\t\t\t\t\t\t\t\t\t<span class=\"elementor-button-text\">&gt;&gt; Vorstand News Archiv<\/span>\n\t\t\t\t\t<\/span>\n\t\t\t\t\t<\/a>\n\t\t\t\t<\/div>\n\t\t\t\t\t\t\t\t<\/div>\n\t\t\t\t<\/div>\n\t\t\t\t\t<\/div>\n\t\t<\/div>\n\t\t\t\t\t<\/div>\n\t\t<\/section>\n\t\t\t\t<section class=\"elementor-section elementor-top-section elementor-element elementor-element-92e9b7e elementor-section-boxed elementor-section-height-default elementor-section-height-default\" data-id=\"92e9b7e\" data-element_type=\"section\">\n\t\t\t\t\t\t<div class=\"elementor-container elementor-column-gap-default\">\n\t\t\t\t\t<div class=\"elementor-column elementor-col-100 elementor-top-column elementor-element elementor-element-c890ccb\" data-id=\"c890ccb\" data-element_type=\"column\">\n\t\t\t<div class=\"elementor-widget-wrap elementor-element-populated\">\n\t\t\t\t\t\t<div class=\"elementor-element elementor-element-b02863d elementor-widget elementor-widget-spacer\" data-id=\"b02863d\" data-element_type=\"widget\" data-widget_type=\"spacer.default\">\n\t\t\t\t<div class=\"elementor-widget-container\">\n\t\t\t\t\t\t\t<div class=\"elementor-spacer\">\n\t\t\t<div class=\"elementor-spacer-inner\"><\/div>\n\t\t<\/div>\n\t\t\t\t\t\t<\/div>\n\t\t\t\t<\/div>\n\t\t\t\t\t<\/div>\n\t\t<\/div>\n\t\t\t\t\t<\/div>\n\t\t<\/section>\n\t\t\t\t<section class=\"elementor-section elementor-top-section elementor-element elementor-element-43ae63e elementor-section-boxed elementor-section-height-default elementor-section-height-default\" data-id=\"43ae63e\" data-element_type=\"section\">\n\t\t\t\t\t\t<div class=\"elementor-container elementor-column-gap-default\">\n\t\t\t\t\t<div class=\"elementor-column elementor-col-100 elementor-top-column elementor-element elementor-element-3ba010f\" data-id=\"3ba010f\" data-element_type=\"column\">\n\t\t\t<div class=\"elementor-widget-wrap elementor-element-populated\">\n\t\t\t\t\t\t<div class=\"elementor-element elementor-element-9ed739c elementor-widget elementor-widget-text-editor\" data-id=\"9ed739c\" data-element_type=\"widget\" data-widget_type=\"text-editor.default\">\n\t\t\t\t<div class=\"elementor-widget-container\">\n\t\t\t\t\t\t\t\t\t<h4><span style=\"color: #ffffff;\"> Administration<\/span><\/h4>\t\t\t\t\t\t\t\t<\/div>\n\t\t\t\t<\/div>\n\t\t\t\t\t<\/div>\n\t\t<\/div>\n\t\t\t\t\t<\/div>\n\t\t<\/section>\n\t\t\t\t<section class=\"elementor-section elementor-top-section elementor-element elementor-element-8ed33b4 elementor-section-boxed elementor-section-height-default elementor-section-height-default\" data-id=\"8ed33b4\" data-element_type=\"section\">\n\t\t\t\t\t\t<div class=\"elementor-container elementor-column-gap-default\">\n\t\t\t\t\t<div class=\"elementor-column elementor-col-100 elementor-top-column elementor-element elementor-element-e529ff4\" data-id=\"e529ff4\" data-element_type=\"column\">\n\t\t\t<div class=\"elementor-widget-wrap elementor-element-populated\">\n\t\t\t\t\t\t<div class=\"elementor-element elementor-element-7d1aae2 elementor-widget elementor-widget-text-editor\" data-id=\"7d1aae2\" data-element_type=\"widget\" data-widget_type=\"text-editor.default\">\n\t\t\t\t<div class=\"elementor-widget-container\">\n\t\t\t\t\t\t\t\t\t<p>Das <a href=\"https:\/\/fireball.ch\/index.php\/kontakte-2#sekr\"><b>SF-Sekretariat<\/b><\/a> nimmt <a href=\"https:\/\/fireball.ch\/index.php\/beitrittserklarung\/\" target=\"_blank\" rel=\"noopener\">Neuanmeldungen<\/a> entgegen und k\u00fcmmert sich um die administrativen Belange der Klassenvereinigung (u.a. Adress\u00e4nderungen).<\/p><p>Vom Sekretariat erh\u00e4ltst du Hilfe bei der Beschaffung der erforderlichen <a href=\"https:\/\/fireball.ch\/index.php\/lizenzen-und-dakumente\/\">Dokumente und Lizenzen<\/a> zum Regattieren:<\/p><ul><li>Certificate<\/li><li>FI Sticker<\/li><li>Messbrief<\/li><li>Swiss Fireball Mitgliedschaft<\/li><li>Swiss Sailing Mitgliedschaft<\/li><\/ul>\t\t\t\t\t\t\t\t<\/div>\n\t\t\t\t<\/div>\n\t\t\t\t\t<\/div>\n\t\t<\/div>\n\t\t\t\t\t<\/div>\n\t\t<\/section>\n\t\t\t\t<section class=\"elementor-section elementor-top-section elementor-element elementor-element-9df9f06 elementor-section-boxed elementor-section-height-default elementor-section-height-default\" data-id=\"9df9f06\" data-element_type=\"section\">\n\t\t\t\t\t\t<div class=\"elementor-container elementor-column-gap-default\">\n\t\t\t\t\t<div class=\"elementor-column elementor-col-100 elementor-top-column elementor-element elementor-element-87631b9\" data-id=\"87631b9\" data-element_type=\"column\">\n\t\t\t<div class=\"elementor-widget-wrap elementor-element-populated\">\n\t\t\t\t\t\t<div class=\"elementor-element elementor-element-9438af1 elementor-widget elementor-widget-text-editor\" data-id=\"9438af1\" data-element_type=\"widget\" data-widget_type=\"text-editor.default\">\n\t\t\t\t<div class=\"elementor-widget-container\">\n\t\t\t\t\t\t\t\t\t<h4><span style=\"color: #ffffff;\">\u00a0PR-Material<\/span><\/h4>\t\t\t\t\t\t\t\t<\/div>\n\t\t\t\t<\/div>\n\t\t\t\t<div class=\"elementor-element elementor-element-1e3c7bd elementor-widget elementor-widget-text-editor\" data-id=\"1e3c7bd\" data-element_type=\"widget\" data-widget_type=\"text-editor.default\">\n\t\t\t\t<div class=\"elementor-widget-container\">\n\t\t\t\t\t\t\t\t\t<p>Vom\u00a0 Sekretariat sind erh\u00e4ltlich:<\/p><ul><li><b>Swiss Fireball Sticker<\/b> (eckig, schwarz)<\/li><li><b>Fireball International Sticker<\/b> (rund)<\/li><\/ul>\t\t\t\t\t\t\t\t<\/div>\n\t\t\t\t<\/div>\n\t\t\t\t\t<\/div>\n\t\t<\/div>\n\t\t\t\t\t<\/div>\n\t\t<\/section>\n\t\t\t\t<section class=\"elementor-section elementor-top-section elementor-element elementor-element-01710ce elementor-section-boxed elementor-section-height-default elementor-section-height-default\" data-id=\"01710ce\" data-element_type=\"section\">\n\t\t\t\t\t\t<div class=\"elementor-container elementor-column-gap-default\">\n\t\t\t\t\t<div class=\"elementor-column elementor-col-100 elementor-top-column elementor-element elementor-element-2fc001f\" data-id=\"2fc001f\" data-element_type=\"column\">\n\t\t\t<div class=\"elementor-widget-wrap elementor-element-populated\">\n\t\t\t\t\t\t<div class=\"elementor-element elementor-element-4b9794c elementor-widget elementor-widget-text-editor\" data-id=\"4b9794c\" data-element_type=\"widget\" data-widget_type=\"text-editor.default\">\n\t\t\t\t<div class=\"elementor-widget-container\">\n\t\t\t\t\t\t\t\t\t<p>PR-Material der etwas besonderen Art zum Selbermachen:<\/p><ul><li><strong>Spitzb\u00f6le<\/strong><\/li><\/ul>\t\t\t\t\t\t\t\t<\/div>\n\t\t\t\t<\/div>\n\t\t\t\t\t<\/div>\n\t\t<\/div>\n\t\t\t\t\t<\/div>\n\t\t<\/section>\n\t\t\t\t<section class=\"elementor-section elementor-top-section elementor-element elementor-element-1d4ed2e elementor-section-boxed elementor-section-height-default elementor-section-height-default\" data-id=\"1d4ed2e\" data-element_type=\"section\">\n\t\t\t\t\t\t<div class=\"elementor-container elementor-column-gap-default\">\n\t\t\t\t\t<div class=\"elementor-column elementor-col-50 elementor-top-column elementor-element elementor-element-e913dd1\" data-id=\"e913dd1\" data-element_type=\"column\">\n\t\t\t<div class=\"elementor-widget-wrap elementor-element-populated\">\n\t\t\t\t\t\t<div class=\"elementor-element elementor-element-748322d elementor-widget elementor-widget-text-editor\" data-id=\"748322d\" data-element_type=\"widget\" data-widget_type=\"text-editor.default\">\n\t\t\t\t<div class=\"elementor-widget-container\">\n\t\t\t\t\t\t\t\t\t<p><img decoding=\"async\" class=\"aligncenter\" src=\"http:\/\/wl48www394.webland.ch\/IMAGES\/MISC\/spitzball_einz.gif\" \/><\/p>\t\t\t\t\t\t\t\t<\/div>\n\t\t\t\t<\/div>\n\t\t\t\t\t<\/div>\n\t\t<\/div>\n\t\t\t\t<div class=\"elementor-column elementor-col-50 elementor-top-column elementor-element elementor-element-f46dd28\" data-id=\"f46dd28\" data-element_type=\"column\">\n\t\t\t<div class=\"elementor-widget-wrap elementor-element-populated\">\n\t\t\t\t\t\t<div class=\"elementor-element elementor-element-5e370fb elementor-widget elementor-widget-text-editor\" data-id=\"5e370fb\" data-element_type=\"widget\" data-widget_type=\"text-editor.default\">\n\t\t\t\t<div class=\"elementor-widget-container\">\n\t\t\t\t\t\t\t\t\t<p>Spitzbuben in Form von Fireballs! Sie k\u00f6nnen ganz einfach in verschiedenen Gr\u00f6ssen zugeschnitten werden. Nach Cr\u00e9ateur Gery Sauer sei das Herstellen schneller als bei herk\u00f6mmlichen Spitzbuben, denn durch die geraden Kanten gibt es keinen &#8218;Abfall&#8216; der immer wieder geknetet und ausgewallt werden muss. Eine eigentliche Revolution &#8230; . Sch\u00f6n verpackt ergeben sie ein feines Geschenk her. Oder zumindest l\u00e4sst sich so der Fireball-lose Winter etwas vers\u00fcssen.<\/p>\t\t\t\t\t\t\t\t<\/div>\n\t\t\t\t<\/div>\n\t\t\t\t\t<\/div>\n\t\t<\/div>\n\t\t\t\t\t<\/div>\n\t\t<\/section>\n\t\t\t\t<section class=\"elementor-section elementor-top-section elementor-element elementor-element-7f1c7de elementor-section-boxed elementor-section-height-default elementor-section-height-default\" data-id=\"7f1c7de\" data-element_type=\"section\">\n\t\t\t\t\t\t<div class=\"elementor-container elementor-column-gap-default\">\n\t\t\t\t\t<div class=\"elementor-column elementor-col-50 elementor-top-column elementor-element elementor-element-e49bfae\" data-id=\"e49bfae\" data-element_type=\"column\">\n\t\t\t<div class=\"elementor-widget-wrap\">\n\t\t\t\t\t\t\t<\/div>\n\t\t<\/div>\n\t\t\t\t<div class=\"elementor-column elementor-col-50 elementor-top-column elementor-element elementor-element-9f4d240\" data-id=\"9f4d240\" data-element_type=\"column\">\n\t\t\t<div class=\"elementor-widget-wrap elementor-element-populated\">\n\t\t\t\t\t\t<div class=\"elementor-element elementor-element-b020d5e elementor-widget elementor-widget-text-editor\" data-id=\"b020d5e\" data-element_type=\"widget\" data-widget_type=\"text-editor.default\">\n\t\t\t\t<div class=\"elementor-widget-container\">\n\t\t\t\t\t\t\t\t\t<p style=\"text-align: left;\">250 Margarine<br \/>130 g Zucker in eine Sch\u00fcssel geben und geschmeidig r\u00fchren<br \/>1 Eiweiss beigeben und schaumig r\u00fchren<br \/>1 Prise Salz<br \/>2 Teel\u00f6ffel Vanillezucker<br \/>350 g Mehl daruntermischen, leicht zusammenkneten, k\u00fchlstellen<\/p>\t\t\t\t\t\t\t\t<\/div>\n\t\t\t\t<\/div>\n\t\t\t\t<div class=\"elementor-element elementor-element-dfc6854 elementor-widget elementor-widget-text-editor\" data-id=\"dfc6854\" data-element_type=\"widget\" data-widget_type=\"text-editor.default\">\n\t\t\t\t<div class=\"elementor-widget-container\">\n\t\t\t\t\t\t\t\t\t<P>Und hier noch das Rezept:<\/p>\n\n<P><em>Spitzb\u00f6le geh\u00f6ren zu den feinsten Fireballguetzli. Klein ausgestochen sind sie besonders schnell und regattatauglich. Die Mengenangaben reichen f\u00fcr einen Lauf, empfohlen werden jedoch zwei L\u00e4ufe.<\/em><\/p>\t\t\t\t\t\t\t\t<\/div>\n\t\t\t\t<\/div>\n\t\t\t\t\t<\/div>\n\t\t<\/div>\n\t\t\t\t\t<\/div>\n\t\t<\/section>\n\t\t\t\t<section class=\"elementor-section elementor-top-section elementor-element elementor-element-a454fea elementor-section-boxed elementor-section-height-default elementor-section-height-default\" data-id=\"a454fea\" data-element_type=\"section\">\n\t\t\t\t\t\t<div class=\"elementor-container elementor-column-gap-default\">\n\t\t\t\t\t<div class=\"elementor-column elementor-col-100 elementor-top-column elementor-element elementor-element-27ac422\" data-id=\"27ac422\" data-element_type=\"column\">\n\t\t\t<div class=\"elementor-widget-wrap elementor-element-populated\">\n\t\t\t\t\t\t<div class=\"elementor-element elementor-element-03a2c90 elementor-widget elementor-widget-text-editor\" data-id=\"03a2c90\" data-element_type=\"widget\" data-widget_type=\"text-editor.default\">\n\t\t\t\t<div class=\"elementor-widget-container\">\n\t\t\t\t\t\t\t\t\t<p><img decoding=\"async\" class=\"aligncenter\" src=\"http:\/\/wl48www394.webland.ch\/IMAGES\/MISC\/spitzball_3.jpg\" \/><\/p>\t\t\t\t\t\t\t\t<\/div>\n\t\t\t\t<\/div>\n\t\t\t\t\t<\/div>\n\t\t<\/div>\n\t\t\t\t\t<\/div>\n\t\t<\/section>\n\t\t\t\t<section class=\"elementor-section elementor-top-section elementor-element elementor-element-c8a9650 elementor-section-boxed elementor-section-height-default elementor-section-height-default\" data-id=\"c8a9650\" data-element_type=\"section\">\n\t\t\t\t\t\t<div class=\"elementor-container elementor-column-gap-default\">\n\t\t\t\t\t<div class=\"elementor-column elementor-col-100 elementor-top-column elementor-element elementor-element-c9d1cb1\" data-id=\"c9d1cb1\" data-element_type=\"column\">\n\t\t\t<div class=\"elementor-widget-wrap elementor-element-populated\">\n\t\t\t\t\t\t<div class=\"elementor-element elementor-element-2146284 elementor-widget elementor-widget-text-editor\" data-id=\"2146284\" data-element_type=\"widget\" data-widget_type=\"text-editor.default\">\n\t\t\t\t<div class=\"elementor-widget-container\">\n\t\t\t\t\t\t\t\t\t<p><b>Formen:<\/b>\u00a02 mm dick auswallen, mit einem Lineal ca. 4 cm breite Steifen schneiden und je nach Windst\u00e4rke das Mastrake einstellen und so die Dreiecke ausschneiden. Die eine H\u00e4lfte aller Dreiecke sind Deckeli, aus diesen ist das Loch f\u00fcr den roten Fireball auszustechen. Als Ausstecher eignet sich ein d\u00fcnnes R\u00f6hrchen (z.B. ein St\u00fcck von der Rosenspritze oder von der \u00d6lzufuhr der Zentralheizung). Als Kontur f\u00fcr den Mast und den Baum ist die Kante des Lineals in den Teig ganz leicht einzudr\u00fccken.<\/p><p><b>Backen:<\/b>\u00a08 &#8211; 10 Minuten bei guter Mittelhitze (200 Grad) in der Mitte des vorgeheizten Backofens.<\/p><p><b>F\u00fcllung:<\/b>\u00a0Johannis- oder Himbeergelee, warm auf die B\u00f6deli streichen. Deckeli mit Puderzucker bestreuen und aufsetzen. Wer die Reihenfolge vergisst und zuerst die Deckeli aufsetzt und dann mit Puderzucker bestreut, der muss den roten Fireball nachtr\u00e4glich mit Hilfe einer Spritze (in jeder Apotheke unter Angabe des Verwendungszweckes erh\u00e4ltlich) die Konfit\u00fcre in das Loch des Deckli einspritzen.<\/p>\t\t\t\t\t\t\t\t<\/div>\n\t\t\t\t<\/div>\n\t\t\t\t\t<\/div>\n\t\t<\/div>\n\t\t\t\t\t<\/div>\n\t\t<\/section>\n\t\t\t\t<section class=\"elementor-section elementor-top-section elementor-element elementor-element-9207852 elementor-section-boxed elementor-section-height-default elementor-section-height-default\" data-id=\"9207852\" data-element_type=\"section\">\n\t\t\t\t\t\t<div class=\"elementor-container elementor-column-gap-default\">\n\t\t\t\t\t<div class=\"elementor-column elementor-col-100 elementor-top-column elementor-element elementor-element-6fba27e\" data-id=\"6fba27e\" data-element_type=\"column\">\n\t\t\t<div class=\"elementor-widget-wrap elementor-element-populated\">\n\t\t\t\t\t\t<div class=\"elementor-element elementor-element-94403ad elementor-widget elementor-widget-html\" data-id=\"94403ad\" data-element_type=\"widget\" data-widget_type=\"html.default\">\n\t\t\t\t<div class=\"elementor-widget-container\">\n\t\t\t\t\t<p style=\"text-align: center;\"><a href=\"#\">zur\u00fcck<\/a><\/p>\t\t\t\t<\/div>\n\t\t\t\t<\/div>\n\t\t\t\t\t<\/div>\n\t\t<\/div>\n\t\t\t\t\t<\/div>\n\t\t<\/section>\n\t\t\t\t<\/div>\n\t\t","protected":false},"excerpt":{"rendered":"<p>\u00a0News Vorstandssitzung Juli 2025: Auswertung SM Neuenburg: Tolle Segelzeit, aber das Sicherheitskonzept hat nicht funktioniert. Obwohl wir etwas mehr Rahmenprogramm gesch\u00e4tzt h\u00e4tten, bot die Bar die M\u00f6glichkeit, sich am Abend zusammenzusetzen. Nochmals danke an das motivierte Barpersonal! Planung Segelsaison 2026: Die Planung wird schon bald starten, Ideen f\u00fcr die SM 2026 sind diskutiert worden. Es [&hellip;]<\/p>\n","protected":false},"author":1,"featured_media":0,"parent":2334,"menu_order":2,"comment_status":"closed","ping_status":"closed","template":"","meta":{"site-sidebar-layout":"no-sidebar","site-content-layout":"page-builder","ast-site-content-layout":"default","site-content-style":"default","site-sidebar-style":"default","ast-global-header-display":"","ast-banner-title-visibility":"","ast-main-header-display":"","ast-hfb-above-header-display":"","ast-hfb-below-header-display":"","ast-hfb-mobile-header-display":"","site-post-title":"disabled","ast-breadcrumbs-content":"","ast-featured-img":"disabled","footer-sml-layout":"","theme-transparent-header-meta":"default","adv-header-id-meta":"","stick-header-meta":"","header-above-stick-meta":"","header-main-stick-meta":"","header-below-stick-meta":"","astra-migrate-meta-layouts":"default","ast-page-background-enabled":"default","ast-page-background-meta":{"desktop":{"background-color":"var(--ast-global-color-4)","background-image":"","background-repeat":"repeat","background-position":"center center","background-size":"auto","background-attachment":"scroll","background-type":"","background-media":"","overlay-type":"","overlay-color":"","overlay-opacity":"","overlay-gradient":""},"tablet":{"background-color":"","background-image":"","background-repeat":"repeat","background-position":"center center","background-size":"auto","background-attachment":"scroll","background-type":"","background-media":"","overlay-type":"","overlay-color":"","overlay-opacity":"","overlay-gradient":""},"mobile":{"background-color":"","background-image":"","background-repeat":"repeat","background-position":"center center","background-size":"auto","background-attachment":"scroll","background-type":"","background-media":"","overlay-type":"","overlay-color":"","overlay-opacity":"","overlay-gradient":""}},"ast-content-background-meta":{"desktop":{"background-color":"var(--ast-global-color-5)","background-image":"","background-repeat":"repeat","background-position":"center center","background-size":"auto","background-attachment":"scroll","background-type":"","background-media":"","overlay-type":"","overlay-color":"","overlay-opacity":"","overlay-gradient":""},"tablet":{"background-color":"var(--ast-global-color-5)","background-image":"","background-repeat":"repeat","background-position":"center center","background-size":"auto","background-attachment":"scroll","background-type":"","background-media":"","overlay-type":"","overlay-color":"","overlay-opacity":"","overlay-gradient":""},"mobile":{"background-color":"var(--ast-global-color-5)","background-image":"","background-repeat":"repeat","background-position":"center center","background-size":"auto","background-attachment":"scroll","background-type":"","background-media":"","overlay-type":"","overlay-color":"","overlay-opacity":"","overlay-gradient":""}},"footnotes":""},"class_list":["post-2969","page","type-page","status-publish","hentry"],"yoast_head":"<!-- This site is optimized with the Yoast SEO plugin v27.5 - https:\/\/yoast.com\/product\/yoast-seo-wordpress\/ -->\r\n<title>Aus dem Vorstand -<\/title>\r\n<meta name=\"robots\" content=\"index, follow, max-snippet:-1, max-image-preview:large, max-video-preview:-1\" \/>\r\n<link rel=\"canonical\" href=\"https:\/\/fireball.ch\/index.php\/swiss-fireball-2\/aus-dem-vorstand\/\" \/>\r\n<meta property=\"og:locale\" content=\"de_DE\" \/>\r\n<meta property=\"og:type\" content=\"article\" \/>\r\n<meta property=\"og:title\" content=\"Aus dem Vorstand -\" \/>\r\n<meta property=\"og:description\" content=\"\u00a0News Vorstandssitzung Juli 2025: Auswertung SM Neuenburg: Tolle Segelzeit, aber das Sicherheitskonzept hat nicht funktioniert. Obwohl wir etwas mehr Rahmenprogramm gesch\u00e4tzt h\u00e4tten, bot die Bar die M\u00f6glichkeit, sich am Abend zusammenzusetzen. Nochmals danke an das motivierte Barpersonal! Planung Segelsaison 2026: Die Planung wird schon bald starten, Ideen f\u00fcr die SM 2026 sind diskutiert worden. Es [&hellip;]\" \/>\r\n<meta property=\"og:url\" content=\"https:\/\/fireball.ch\/index.php\/swiss-fireball-2\/aus-dem-vorstand\/\" \/>\r\n<meta property=\"article:modified_time\" content=\"2025-11-04T16:04:55+00:00\" \/>\r\n<meta property=\"og:image\" content=\"https:\/\/fireball.ch\/wp-content\/uploads\/2025\/11\/Aus-dem-Vorstand-2850x415-30P-2048x298.jpg\" \/>\r\n<meta name=\"twitter:card\" content=\"summary_large_image\" \/>\r\n<meta name=\"twitter:label1\" content=\"Gesch\u00e4tzte Lesezeit\" \/>\n\t<meta name=\"twitter:data1\" content=\"12\u00a0Minuten\" \/>\r\n<script type=\"application\/ld+json\" class=\"yoast-schema-graph\">{\"@context\":\"https:\\\/\\\/schema.org\",\"@graph\":[{\"@type\":\"WebPage\",\"@id\":\"https:\\\/\\\/fireball.ch\\\/index.php\\\/swiss-fireball-2\\\/aus-dem-vorstand\\\/\",\"url\":\"https:\\\/\\\/fireball.ch\\\/index.php\\\/swiss-fireball-2\\\/aus-dem-vorstand\\\/\",\"name\":\"Aus dem Vorstand -\",\"isPartOf\":{\"@id\":\"https:\\\/\\\/fireball.ch\\\/#website\"},\"primaryImageOfPage\":{\"@id\":\"https:\\\/\\\/fireball.ch\\\/index.php\\\/swiss-fireball-2\\\/aus-dem-vorstand\\\/#primaryimage\"},\"image\":{\"@id\":\"https:\\\/\\\/fireball.ch\\\/index.php\\\/swiss-fireball-2\\\/aus-dem-vorstand\\\/#primaryimage\"},\"thumbnailUrl\":\"https:\\\/\\\/fireball.ch\\\/wp-content\\\/uploads\\\/2025\\\/11\\\/Aus-dem-Vorstand-2850x415-30P-2048x298.jpg\",\"datePublished\":\"2021-02-27T08:54:10+00:00\",\"dateModified\":\"2025-11-04T16:04:55+00:00\",\"breadcrumb\":{\"@id\":\"https:\\\/\\\/fireball.ch\\\/index.php\\\/swiss-fireball-2\\\/aus-dem-vorstand\\\/#breadcrumb\"},\"inLanguage\":\"de\",\"potentialAction\":[{\"@type\":\"ReadAction\",\"target\":[\"https:\\\/\\\/fireball.ch\\\/index.php\\\/swiss-fireball-2\\\/aus-dem-vorstand\\\/\"]}]},{\"@type\":\"ImageObject\",\"inLanguage\":\"de\",\"@id\":\"https:\\\/\\\/fireball.ch\\\/index.php\\\/swiss-fireball-2\\\/aus-dem-vorstand\\\/#primaryimage\",\"url\":\"https:\\\/\\\/fireball.ch\\\/wp-content\\\/uploads\\\/2025\\\/11\\\/Aus-dem-Vorstand-2850x415-30P-scaled.jpg\",\"contentUrl\":\"https:\\\/\\\/fireball.ch\\\/wp-content\\\/uploads\\\/2025\\\/11\\\/Aus-dem-Vorstand-2850x415-30P-scaled.jpg\",\"width\":2560,\"height\":373},{\"@type\":\"BreadcrumbList\",\"@id\":\"https:\\\/\\\/fireball.ch\\\/index.php\\\/swiss-fireball-2\\\/aus-dem-vorstand\\\/#breadcrumb\",\"itemListElement\":[{\"@type\":\"ListItem\",\"position\":1,\"name\":\"Startseite\",\"item\":\"https:\\\/\\\/fireball.ch\\\/\"},{\"@type\":\"ListItem\",\"position\":2,\"name\":\"Swiss Fireball\",\"item\":\"https:\\\/\\\/fireball.ch\\\/index.php\\\/swiss-fireball-2\\\/\"},{\"@type\":\"ListItem\",\"position\":3,\"name\":\"Aus dem Vorstand\"}]},{\"@type\":\"WebSite\",\"@id\":\"https:\\\/\\\/fireball.ch\\\/#website\",\"url\":\"https:\\\/\\\/fireball.ch\\\/\",\"name\":\"Swiss Fireball\",\"description\":\"\",\"publisher\":{\"@id\":\"https:\\\/\\\/fireball.ch\\\/#organization\"},\"potentialAction\":[{\"@type\":\"SearchAction\",\"target\":{\"@type\":\"EntryPoint\",\"urlTemplate\":\"https:\\\/\\\/fireball.ch\\\/?s={search_term_string}\"},\"query-input\":{\"@type\":\"PropertyValueSpecification\",\"valueRequired\":true,\"valueName\":\"search_term_string\"}}],\"inLanguage\":\"de\"},{\"@type\":\"Organization\",\"@id\":\"https:\\\/\\\/fireball.ch\\\/#organization\",\"name\":\"Swiss Fireball\",\"url\":\"https:\\\/\\\/fireball.ch\\\/\",\"logo\":{\"@type\":\"ImageObject\",\"inLanguage\":\"de\",\"@id\":\"https:\\\/\\\/fireball.ch\\\/#\\\/schema\\\/logo\\\/image\\\/\",\"url\":\"https:\\\/\\\/fireball.ch\\\/wp-content\\\/uploads\\\/2021\\\/01\\\/cropped-logo_fireball.png\",\"contentUrl\":\"https:\\\/\\\/fireball.ch\\\/wp-content\\\/uploads\\\/2021\\\/01\\\/cropped-logo_fireball.png\",\"width\":220,\"height\":59,\"caption\":\"Swiss Fireball\"},\"image\":{\"@id\":\"https:\\\/\\\/fireball.ch\\\/#\\\/schema\\\/logo\\\/image\\\/\"}}]}<\/script>\r\n<!-- \/ Yoast SEO plugin. -->","yoast_head_json":{"title":"Aus dem Vorstand -","robots":{"index":"index","follow":"follow","max-snippet":"max-snippet:-1","max-image-preview":"max-image-preview:large","max-video-preview":"max-video-preview:-1"},"canonical":"https:\/\/fireball.ch\/index.php\/swiss-fireball-2\/aus-dem-vorstand\/","og_locale":"de_DE","og_type":"article","og_title":"Aus dem Vorstand -","og_description":"\u00a0News Vorstandssitzung Juli 2025: Auswertung SM Neuenburg: Tolle Segelzeit, aber das Sicherheitskonzept hat nicht funktioniert. Obwohl wir etwas mehr Rahmenprogramm gesch\u00e4tzt h\u00e4tten, bot die Bar die M\u00f6glichkeit, sich am Abend zusammenzusetzen. Nochmals danke an das motivierte Barpersonal! Planung Segelsaison 2026: Die Planung wird schon bald starten, Ideen f\u00fcr die SM 2026 sind diskutiert worden. Es [&hellip;]","og_url":"https:\/\/fireball.ch\/index.php\/swiss-fireball-2\/aus-dem-vorstand\/","article_modified_time":"2025-11-04T16:04:55+00:00","og_image":[{"url":"https:\/\/fireball.ch\/wp-content\/uploads\/2025\/11\/Aus-dem-Vorstand-2850x415-30P-2048x298.jpg","type":"","width":"","height":""}],"twitter_card":"summary_large_image","twitter_misc":{"Gesch\u00e4tzte Lesezeit":"12\u00a0Minuten"},"schema":{"@context":"https:\/\/schema.org","@graph":[{"@type":"WebPage","@id":"https:\/\/fireball.ch\/index.php\/swiss-fireball-2\/aus-dem-vorstand\/","url":"https:\/\/fireball.ch\/index.php\/swiss-fireball-2\/aus-dem-vorstand\/","name":"Aus dem Vorstand -","isPartOf":{"@id":"https:\/\/fireball.ch\/#website"},"primaryImageOfPage":{"@id":"https:\/\/fireball.ch\/index.php\/swiss-fireball-2\/aus-dem-vorstand\/#primaryimage"},"image":{"@id":"https:\/\/fireball.ch\/index.php\/swiss-fireball-2\/aus-dem-vorstand\/#primaryimage"},"thumbnailUrl":"https:\/\/fireball.ch\/wp-content\/uploads\/2025\/11\/Aus-dem-Vorstand-2850x415-30P-2048x298.jpg","datePublished":"2021-02-27T08:54:10+00:00","dateModified":"2025-11-04T16:04:55+00:00","breadcrumb":{"@id":"https:\/\/fireball.ch\/index.php\/swiss-fireball-2\/aus-dem-vorstand\/#breadcrumb"},"inLanguage":"de","potentialAction":[{"@type":"ReadAction","target":["https:\/\/fireball.ch\/index.php\/swiss-fireball-2\/aus-dem-vorstand\/"]}]},{"@type":"ImageObject","inLanguage":"de","@id":"https:\/\/fireball.ch\/index.php\/swiss-fireball-2\/aus-dem-vorstand\/#primaryimage","url":"https:\/\/fireball.ch\/wp-content\/uploads\/2025\/11\/Aus-dem-Vorstand-2850x415-30P-scaled.jpg","contentUrl":"https:\/\/fireball.ch\/wp-content\/uploads\/2025\/11\/Aus-dem-Vorstand-2850x415-30P-scaled.jpg","width":2560,"height":373},{"@type":"BreadcrumbList","@id":"https:\/\/fireball.ch\/index.php\/swiss-fireball-2\/aus-dem-vorstand\/#breadcrumb","itemListElement":[{"@type":"ListItem","position":1,"name":"Startseite","item":"https:\/\/fireball.ch\/"},{"@type":"ListItem","position":2,"name":"Swiss Fireball","item":"https:\/\/fireball.ch\/index.php\/swiss-fireball-2\/"},{"@type":"ListItem","position":3,"name":"Aus dem Vorstand"}]},{"@type":"WebSite","@id":"https:\/\/fireball.ch\/#website","url":"https:\/\/fireball.ch\/","name":"Swiss Fireball","description":"","publisher":{"@id":"https:\/\/fireball.ch\/#organization"},"potentialAction":[{"@type":"SearchAction","target":{"@type":"EntryPoint","urlTemplate":"https:\/\/fireball.ch\/?s={search_term_string}"},"query-input":{"@type":"PropertyValueSpecification","valueRequired":true,"valueName":"search_term_string"}}],"inLanguage":"de"},{"@type":"Organization","@id":"https:\/\/fireball.ch\/#organization","name":"Swiss Fireball","url":"https:\/\/fireball.ch\/","logo":{"@type":"ImageObject","inLanguage":"de","@id":"https:\/\/fireball.ch\/#\/schema\/logo\/image\/","url":"https:\/\/fireball.ch\/wp-content\/uploads\/2021\/01\/cropped-logo_fireball.png","contentUrl":"https:\/\/fireball.ch\/wp-content\/uploads\/2021\/01\/cropped-logo_fireball.png","width":220,"height":59,"caption":"Swiss Fireball"},"image":{"@id":"https:\/\/fireball.ch\/#\/schema\/logo\/image\/"}}]}},"_links":{"self":[{"href":"https:\/\/fireball.ch\/index.php\/wp-json\/wp\/v2\/pages\/2969","targetHints":{"allow":["GET"]}}],"collection":[{"href":"https:\/\/fireball.ch\/index.php\/wp-json\/wp\/v2\/pages"}],"about":[{"href":"https:\/\/fireball.ch\/index.php\/wp-json\/wp\/v2\/types\/page"}],"author":[{"embeddable":true,"href":"https:\/\/fireball.ch\/index.php\/wp-json\/wp\/v2\/users\/1"}],"replies":[{"embeddable":true,"href":"https:\/\/fireball.ch\/index.php\/wp-json\/wp\/v2\/comments?post=2969"}],"version-history":[{"count":223,"href":"https:\/\/fireball.ch\/index.php\/wp-json\/wp\/v2\/pages\/2969\/revisions"}],"predecessor-version":[{"id":20251,"href":"https:\/\/fireball.ch\/index.php\/wp-json\/wp\/v2\/pages\/2969\/revisions\/20251"}],"up":[{"embeddable":true,"href":"https:\/\/fireball.ch\/index.php\/wp-json\/wp\/v2\/pages\/2334"}],"wp:attachment":[{"href":"https:\/\/fireball.ch\/index.php\/wp-json\/wp\/v2\/media?parent=2969"}],"curies":[{"name":"wp","href":"https:\/\/api.w.org\/{rel}","templated":true}]}}